{"id":3331,"date":"2023-06-20T11:42:45","date_gmt":"2023-06-20T16:42:45","guid":{"rendered":"https:\/\/palermosj.edu.co\/Portalweb\/?page_id=3331"},"modified":"2025-11-10T13:02:46","modified_gmt":"2025-11-10T18:02:46","slug":"elementor-3331","status":"publish","type":"page","link":"https:\/\/palermosj.edu.co\/Portalweb\/elementor-3331\/","title":{"rendered":"Pastoral Palermo"},"content":{"rendered":"\t\t<div data-elementor-type=\"wp-page\" data-elementor-id=\"3331\" class=\"elementor elementor-3331\" data-elementor-settings=\"[]\">\n\t\t\t\t\t\t<div class=\"elementor-inner\">\n\t\t\t\t\t\t\t<div class=\"elementor-section-wrap\">\n\t\t\t\t\t\t\t<section class=\"elementor-section elementor-top-section elementor-element elementor-element-c8b3398 elementor-section-boxed elementor-section-height-default elementor-section-height-default\" data-id=\"c8b3398\" data-element_type=\"section\">\n\t\t\t\t\t\t<div class=\"elementor-container elementor-column-gap-default\">\n\t\t\t\t\t\t\t<div class=\"elementor-row\">\n\t\t\t\t\t<div class=\"elementor-column elementor-col-100 elementor-top-column elementor-element elementor-element-28daaec\" data-id=\"28daaec\" data-element_type=\"column\">\n\t\t\t<div class=\"elementor-column-wrap elementor-element-populated\">\n\t\t\t\t\t\t\t<div class=\"elementor-widget-wrap\">\n\t\t\t\t\t\t<div class=\"elementor-element elementor-element-87b0e2c elementor-widget elementor-widget-heading\" data-id=\"87b0e2c\" data-element_type=\"widget\" data-widget_type=\"heading.default\">\n\t\t\t\t<div class=\"elementor-widget-container\">\n\t\t\t<h3 class=\"elementor-heading-title elementor-size-xxl\"><b>Pastoral Palermo<\/b><\/h3>\t\t<\/div>\n\t\t\t\t<\/div>\n\t\t\t\t\t\t<\/div>\n\t\t\t\t\t<\/div>\n\t\t<\/div>\n\t\t\t\t\t\t\t\t<\/div>\n\t\t\t\t\t<\/div>\n\t\t<\/section>\n\t\t\t\t<section class=\"elementor-section elementor-top-section elementor-element elementor-element-b056713 elementor-section-boxed elementor-section-height-default elementor-section-height-default\" data-id=\"b056713\" data-element_type=\"section\">\n\t\t\t\t\t\t<div class=\"elementor-container elementor-column-gap-default\">\n\t\t\t\t\t\t\t<div class=\"elementor-row\">\n\t\t\t\t\t<div class=\"elementor-column elementor-col-100 elementor-top-column elementor-element elementor-element-36dc05b\" data-id=\"36dc05b\" data-element_type=\"column\">\n\t\t\t<div class=\"elementor-column-wrap elementor-element-populated\">\n\t\t\t\t\t\t\t<div class=\"elementor-widget-wrap\">\n\t\t\t\t\t\t<div class=\"elementor-element elementor-element-97d54c2 elementor-widget elementor-widget-image\" data-id=\"97d54c2\" data-element_type=\"widget\" data-widget_type=\"image.default\">\n\t\t\t\t<div class=\"elementor-widget-container\">\n\t\t\t\t\t\t\t\t<div class=\"elementor-image\">\n\t\t\t\t\t\t\t\t\t\t\t\t<img width=\"768\" height=\"337\" src=\"https:\/\/palermosj.edu.co\/Portalweb\/wp-content\/uploads\/2024\/04\/7--768x337.jpg\" class=\"attachment-medium_large size-medium_large\" alt=\"\" loading=\"lazy\" srcset=\"https:\/\/palermosj.edu.co\/Portalweb\/wp-content\/uploads\/2024\/04\/7--768x337.jpg 768w, https:\/\/palermosj.edu.co\/Portalweb\/wp-content\/uploads\/2024\/04\/7--300x131.jpg 300w, https:\/\/palermosj.edu.co\/Portalweb\/wp-content\/uploads\/2024\/04\/7--1024x449.jpg 1024w, https:\/\/palermosj.edu.co\/Portalweb\/wp-content\/uploads\/2024\/04\/7--600x263.jpg 600w, https:\/\/palermosj.edu.co\/Portalweb\/wp-content\/uploads\/2024\/04\/7-.jpg 1280w\" sizes=\"(max-width: 768px) 100vw, 768px\" \/>\t\t\t\t\t\t\t\t\t\t\t\t\t\t<\/div>\n\t\t\t\t\t\t<\/div>\n\t\t\t\t<\/div>\n\t\t\t\t\t\t<\/div>\n\t\t\t\t\t<\/div>\n\t\t<\/div>\n\t\t\t\t\t\t\t\t<\/div>\n\t\t\t\t\t<\/div>\n\t\t<\/section>\n\t\t\t\t<section class=\"elementor-section elementor-top-section elementor-element elementor-element-ae258a3 elementor-section-boxed elementor-section-height-default elementor-section-height-default\" data-id=\"ae258a3\" data-element_type=\"section\">\n\t\t\t\t\t\t<div class=\"elementor-container elementor-column-gap-default\">\n\t\t\t\t\t\t\t<div class=\"elementor-row\">\n\t\t\t\t\t<div class=\"elementor-column elementor-col-100 elementor-top-column elementor-element elementor-element-f1b4015\" data-id=\"f1b4015\" data-element_type=\"column\">\n\t\t\t<div class=\"elementor-column-wrap elementor-element-populated\">\n\t\t\t\t\t\t\t<div class=\"elementor-widget-wrap\">\n\t\t\t\t\t\t<div class=\"elementor-element elementor-element-00c9b8b elementor-widget elementor-widget-text-editor\" data-id=\"00c9b8b\" data-element_type=\"widget\" data-widget_type=\"text-editor.default\">\n\t\t\t\t<div class=\"elementor-widget-container\">\n\t\t\t\t\t\t\t\t<div class=\"elementor-text-editor elementor-clearfix\">\n\t\t\t\t<p><strong>UN MODO FRANCISCANO DE PASTOREAR PARA LA VIDA<\/strong><\/p><p>La pastoral del Colegio Franciscano Palermo de San Jos\u00e9 acompa\u00f1a con pasi\u00f3n, m\u00edstica y profetismo evang\u00e9lico a los desaf\u00edos de los signos de los tiempos desde las diferentes pastorales, formando a la comunidad educativa en agentes de cambio con impronta franciscana, protagonistas de su propio desarrollo, <strong>comprometidos en la defensa de la vida, el cuidado de la casa com\u00fan y la promoci\u00f3n de la paz,<\/strong> para lograr una mayor fecundidad misionera y contribuir con la transformaci\u00f3n de la sociedad desde un modo franciscano de educar para la vida.\u00a0<\/p><p>Somos una pastoral articulada con la pastoral de la Arquidi\u00f3cesis de Medell\u00edn, los lineamientos de la Congregaci\u00f3n de Hermanas Franciscanas Misioneras de Mar\u00eda Auxiliadora, unidos al pacto educativo global.<\/p><p><strong>CONTAMOS CON UN EXCELENTE EQUIPO DE PASTORAL: <\/strong>integrado por el capell\u00e1n, padres de familia, maestros, administrativos y hermanas.<\/p><p><strong>ACOMPA\u00d1AMIENTO A TODO EL PERSONAL A TRAV\u00c9S DE: <\/strong><\/p><ol><li><strong><u>CENTRO DE ESCUCHA<\/u><\/strong><strong>: <\/strong>Una oportunidad para contar con el apoyo espiritual, abierto para maestros, estudiantes y las familias.<\/li><li><strong><u>CONVIVENCIAS DEL PAV<\/u><\/strong><\/li><li><p><strong style=\"font-size: 16px;\"><u>CAPELLAN\u00cdA:<\/u><\/strong><span style=\"font-size: 16px;\"> Acompa\u00f1ar a toda la Comunidad Educativa, para que, desde la cotidianidad, experimenten la presencia liberadora y Misericordiosa de Dios Padre, por medio de su Hijo, con la gracia del Esp\u00edritu Santo, en Comuni\u00f3n con la Iglesia y a ejemplo de San Francisco de As\u00eds y de la Madre Bernarda, haci\u00e9ndonos disc\u00edpulos misioneros, comprometidos con el principio fundamental de la ecolog\u00eda Humana. <strong>Apoya los procesos de:<\/strong><\/span><\/p><ul><li><strong>Eucarist\u00edas grupales<\/strong><\/li><li><strong>Eucarist\u00edas con las familias el \u00faltimo s\u00e1bado de cada mes. <\/strong><\/li><li><strong>Conversatorios con las familias<\/strong><\/li><\/ul><\/li><li><strong><u>GRUPOS PASTORALES: <\/u><\/strong>Se cuenta con una variedad de oportunidades para que nuestros ni\u00f1os y ni\u00f1as crezcan en su vida espiritual, se cuentan con los grupos de: <strong style=\"font-size: 16px;\">Grupo de oraci\u00f3n \/ <\/strong><strong style=\"font-size: 16px;\">Ac\u00f3litos <\/strong><strong style=\"font-size: 16px;\">\u00a0<\/strong><\/li><li><strong><u>ACOMPA\u00d1AMIENTO EN EL CICLO LITURGICO: <\/u><\/strong><u><\/u>Fortalecemos los tiempos lit\u00fargicos de la Iglesia Cat\u00f3lica y adem\u00e1s las fiestas congregacionales: <strong>San Jos\u00e9 \/\u00a0<\/strong><strong>Madre Bernarda \/\u00a0<\/strong><strong>San Francisco de As\u00eds <\/strong><u><\/u><\/li><li><strong><u>ACOMPA\u00d1AMIENTO EN LA VIDA SACRAMENTAL: <\/u><\/strong>Formando desde la fe en la preparaci\u00f3n para la confesi\u00f3n, la primera comuni\u00f3n y la confirmaci\u00f3n.\u00a0<\/li><li><strong><u>ORACI\u00d3N CADA D\u00cdA<\/u><\/strong><\/li><li><strong><u>PROYECCI\u00d3N SOCIAL: <\/u><\/strong>Experiencia en la que se realizan diversas campa\u00f1as durante el a\u00f1o como medio de sensibilizaci\u00f3n y de compartir la vida con personas necesitadas de amor, de esperanza y de un apoyo material.\u00a0<\/li><\/ol><div>Para mayor informaci\u00f3n, donaciones o inscripciones a los espacios pueden contactarnos al correo <strong>coordinadora.pastoral@palermosj.edu.co<\/strong><\/div>\t\t\t\t\t<\/div>\n\t\t\t\t\t\t<\/div>\n\t\t\t\t<\/div>\n\t\t\t\t\t\t<\/div>\n\t\t\t\t\t<\/div>\n\t\t<\/div>\n\t\t\t\t\t\t\t\t<\/div>\n\t\t\t\t\t<\/div>\n\t\t<\/section>\n\t\t\t\t\t\t<\/div>\n\t\t\t\t\t\t<\/div>\n\t\t\t\t\t<\/div>\n\t\t","protected":false},"excerpt":{"rendered":"<p>Pastoral Palermo UN MODO FRANCISCANO DE PASTOREAR PARA LA VIDA La pastoral del Colegio Franciscano Palermo de San Jos\u00e9 acompa\u00f1a con pasi\u00f3n, m\u00edstica y profetismo evang\u00e9lico a los desaf\u00edos de los signos de los tiempos desde las diferentes pastorales, formando a la comunidad educativa en agentes de cambio con impronta franciscana, protagonistas de su propio &hellip;<\/p>\n<p class=\"read-more\"> <a class=\"\" href=\"https:\/\/palermosj.edu.co\/Portalweb\/elementor-3331\/\"> <span class=\"screen-reader-text\">Pastoral Palermo<\/span> Leer m\u00e1s &raquo;<\/a><\/p>\n","protected":false},"author":3,"featured_media":0,"parent":0,"menu_order":0,"comment_status":"closed","ping_status":"closed","template":"","meta":{"ngg_post_thumbnail":0},"_links":{"self":[{"href":"https:\/\/palermosj.edu.co\/Portalweb\/wp-json\/wp\/v2\/pages\/3331"}],"collection":[{"href":"https:\/\/palermosj.edu.co\/Portalweb\/wp-json\/wp\/v2\/pages"}],"about":[{"href":"https:\/\/palermosj.edu.co\/Portalweb\/wp-json\/wp\/v2\/types\/page"}],"author":[{"embeddable":true,"href":"https:\/\/palermosj.edu.co\/Portalweb\/wp-json\/wp\/v2\/users\/3"}],"replies":[{"embeddable":true,"href":"https:\/\/palermosj.edu.co\/Portalweb\/wp-json\/wp\/v2\/comments?post=3331"}],"version-history":[{"count":14,"href":"https:\/\/palermosj.edu.co\/Portalweb\/wp-json\/wp\/v2\/pages\/3331\/revisions"}],"predecessor-version":[{"id":4482,"href":"https:\/\/palermosj.edu.co\/Portalweb\/wp-json\/wp\/v2\/pages\/3331\/revisions\/4482"}],"wp:attachment":[{"href":"https:\/\/palermosj.edu.co\/Portalweb\/wp-json\/wp\/v2\/media?parent=3331"}],"curies":[{"name":"wp","href":"https:\/\/api.w.org\/{rel}","templated":true}]}}