{"id":2977,"date":"2022-12-07T13:21:13","date_gmt":"2022-12-07T18:21:13","guid":{"rendered":"https:\/\/palermosj.edu.co\/Portalweb\/?page_id=2977"},"modified":"2026-04-13T10:57:52","modified_gmt":"2026-04-13T15:57:52","slug":"preguntas-frecuentes-cfpsj","status":"publish","type":"page","link":"https:\/\/palermosj.edu.co\/Portalweb\/preguntas-frecuentes-cfpsj\/","title":{"rendered":"Preguntas Frecuentes CFPSJ"},"content":{"rendered":"\t\t<div data-elementor-type=\"wp-page\" data-elementor-id=\"2977\" class=\"elementor elementor-2977\" data-elementor-settings=\"[]\">\n\t\t\t\t\t\t<div class=\"elementor-inner\">\n\t\t\t\t\t\t\t<div class=\"elementor-section-wrap\">\n\t\t\t\t\t\t\t<section class=\"elementor-section elementor-top-section elementor-element elementor-element-17db6b7 elementor-section-boxed elementor-section-height-default elementor-section-height-default\" data-id=\"17db6b7\" data-element_type=\"section\">\n\t\t\t\t\t\t<div class=\"elementor-container elementor-column-gap-default\">\n\t\t\t\t\t\t\t<div class=\"elementor-row\">\n\t\t\t\t\t<div class=\"elementor-column elementor-col-100 elementor-top-column elementor-element elementor-element-5a56e05\" data-id=\"5a56e05\" data-element_type=\"column\">\n\t\t\t<div class=\"elementor-column-wrap elementor-element-populated\">\n\t\t\t\t\t\t\t<div class=\"elementor-widget-wrap\">\n\t\t\t\t\t\t<div class=\"elementor-element elementor-element-5f6aea9 elementor-widget elementor-widget-heading\" data-id=\"5f6aea9\" data-element_type=\"widget\" data-widget_type=\"heading.default\">\n\t\t\t\t<div class=\"elementor-widget-container\">\n\t\t\t<h1 class=\"elementor-heading-title elementor-size-default\">Preguntas Frecuentes CFPSJ<\/h1>\t\t<\/div>\n\t\t\t\t<\/div>\n\t\t\t\t<div class=\"elementor-element elementor-element-20296cb elementor-widget elementor-widget-accordion\" data-id=\"20296cb\" data-element_type=\"widget\" data-widget_type=\"accordion.default\">\n\t\t\t\t<div class=\"elementor-widget-container\">\n\t\t\t\t\t<div class=\"elementor-accordion\" role=\"tablist\">\n\t\t\t\t\t\t\t<div class=\"elementor-accordion-item\">\n\t\t\t\t\t<div id=\"elementor-tab-title-3371\" class=\"elementor-tab-title\" data-tab=\"1\" role=\"tab\" aria-controls=\"elementor-tab-content-3371\" aria-expanded=\"false\">\n\t\t\t\t\t\t\t\t\t\t\t\t\t<span class=\"elementor-accordion-icon elementor-accordion-icon-left\" aria-hidden=\"true\">\n\t\t\t\t\t\t\t\t\t\t\t\t\t\t\t<span class=\"elementor-accordion-icon-closed\"><i class=\"fas fa-chevron-down\"><\/i><\/span>\n\t\t\t\t\t\t\t\t<span class=\"elementor-accordion-icon-opened\"><i class=\"fas fa-minus\"><\/i><\/span>\n\t\t\t\t\t\t\t\t\t\t\t\t\t\t<\/span>\n\t\t\t\t\t\t\t\t\t\t\t\t<a class=\"elementor-accordion-title\" href=\"\">\u00bfCu\u00e1l es la propuesta pedag\u00f3gica?<\/a>\n\t\t\t\t\t<\/div>\n\t\t\t\t\t<div id=\"elementor-tab-content-3371\" class=\"elementor-tab-content elementor-clearfix\" data-tab=\"1\" role=\"tabpanel\" aria-labelledby=\"elementor-tab-title-3371\"><h2 data-path-to-node=\"3\"><span style=\"color: #000080;\"><b data-path-to-node=\"3\" data-index-in-node=\"0\">Propuesta Pedag\u00f3gica Innovadora: <\/b><\/span><\/h2><h2 data-path-to-node=\"3\"><span style=\"color: #000080;\"><b data-path-to-node=\"3\" data-index-in-node=\"0\">Neuroeducaci\u00f3n y Pensamiento Cr\u00edtico en Envigado<\/b><\/span><\/h2><p data-path-to-node=\"4\">En nuestro <b data-path-to-node=\"4\" data-index-in-node=\"11\">colegio en Envigado<\/b>, lideramos una formaci\u00f3n de vanguardia centrada en el ser humano. Nuestra <b data-path-to-node=\"4\" data-index-in-node=\"105\">propuesta pedag\u00f3gica Socio-Cr\u00edtica<\/b> trasciende el aula tradicional a trav\u00e9s de la <b data-path-to-node=\"4\" data-index-in-node=\"186\">educaci\u00f3n tr\u00edadica<\/b>, un enfoque que articula de manera org\u00e1nica los tres procesos esenciales del desarrollo: <b data-path-to-node=\"4\" data-index-in-node=\"294\">pensar, sentir y actuar<\/b>.<\/p><h3 data-path-to-node=\"5\"><span style=\"color: #000080;\"><b data-path-to-node=\"5\" data-index-in-node=\"0\">\u00bfQu\u00e9 es la Educaci\u00f3n Tricerebral y c\u00f3mo beneficia a nuestros estudiantes?<\/b><\/span><\/h3><p data-path-to-node=\"6\">Entendemos que el aprendizaje efectivo ocurre cuando se estimula el cerebro de forma integral. Por ello, aplicamos un <b data-path-to-node=\"6\" data-index-in-node=\"118\">modelo pedag\u00f3gico de Neuroeducaci\u00f3n<\/b> que fortalece las tres dimensiones del desarrollo cognitivo y emocional:<\/p><ol start=\"1\" data-path-to-node=\"7\"><li><p data-path-to-node=\"7,0,0\"><b data-path-to-node=\"7,0,0\" data-index-in-node=\"0\">Cerebro Izquierdo (L\u00f3gica y Saber):<\/b> Potenciamos el pensamiento anal\u00edtico, la academia de alto nivel y la adquisici\u00f3n de conocimientos s\u00f3lidos.<\/p><\/li><li><p data-path-to-node=\"7,1,0\"><b data-path-to-node=\"7,1,0\" data-index-in-node=\"0\">Cerebro Derecho (Emociones y Ser):<\/b> Fomentamos la inteligencia emocional, la empat\u00eda y los valores que permiten a nuestros estudiantes ser ciudadanos \u00edntegros.<\/p><\/li><li><p data-path-to-node=\"7,2,0\"><b data-path-to-node=\"7,2,0\" data-index-in-node=\"0\">Cerebro Central (Planeaci\u00f3n y Hacer):<\/b> Desarrollamos habilidades de emprendimiento, liderazgo y ejecuci\u00f3n pr\u00e1ctica a trav\u00e9s de la acci\u00f3n.<\/p><\/li><\/ol><h3 data-path-to-node=\"8\"><span style=\"color: #000080;\"><b data-path-to-node=\"8\" data-index-in-node=\"0\">Aprendizaje Vivencial a trav\u00e9s de Proyectos Provocadores<\/b><\/span><\/h3><p data-path-to-node=\"9\">Nuestra metodolog\u00eda no se basa en la memoria, sino en la <b data-path-to-node=\"9\" data-index-in-node=\"57\">experiencia<\/b>. Cultivamos el potencial intelectual, social y emocional de los alumnos mediante <b data-path-to-node=\"9\" data-index-in-node=\"150\">proyectos de investigaci\u00f3n y reflexi\u00f3n<\/b>.<\/p><p data-path-to-node=\"10\">Este enfoque permite que los estudiantes de nuestra instituci\u00f3n en Antioquia aprendan en un <b data-path-to-node=\"10\" data-index-in-node=\"92\">ambiente arm\u00f3nico<\/b>, donde la curiosidad es el motor del conocimiento y la excelencia acad\u00e9mica es el resultado de un equilibrio saludable entre el saber y el sentir.<\/p><hr data-path-to-node=\"11\" \/><h3 data-path-to-node=\"12\"><span style=\"color: #000080;\"><b data-path-to-node=\"12\" data-index-in-node=\"0\">Por qu\u00e9 elegir nuestro modelo educativo\u00a0<\/b><\/span><\/h3><ul data-path-to-node=\"13\"><li><p data-path-to-node=\"13,0,0\"><b data-path-to-node=\"13,0,0\" data-index-in-node=\"0\">Enfoque en Neuroeducaci\u00f3n:<\/b> Aplicaci\u00f3n pr\u00e1ctica de las neurociencias para optimizar el aprendizaje.<\/p><\/li><li><p data-path-to-node=\"13,1,0\"><b data-path-to-node=\"13,1,0\" data-index-in-node=\"0\">Desarrollo de Competencias para la Vida:<\/b> Preparaci\u00f3n real en emprendimiento y liderazgo (Cerebro Central).<\/p><\/li><li><p data-path-to-node=\"13,2,0\"><b data-path-to-node=\"13,2,0\" data-index-in-node=\"0\">Entorno de Bienestar:<\/b> Un clima institucional dise\u00f1ado para la armon\u00eda y la investigaci\u00f3n constante.<\/p><\/li><\/ul><\/div>\n\t\t\t\t<\/div>\n\t\t\t\t\t\t\t<div class=\"elementor-accordion-item\">\n\t\t\t\t\t<div id=\"elementor-tab-title-3372\" class=\"elementor-tab-title\" data-tab=\"2\" role=\"tab\" aria-controls=\"elementor-tab-content-3372\" aria-expanded=\"false\">\n\t\t\t\t\t\t\t\t\t\t\t\t\t<span class=\"elementor-accordion-icon elementor-accordion-icon-left\" aria-hidden=\"true\">\n\t\t\t\t\t\t\t\t\t\t\t\t\t\t\t<span class=\"elementor-accordion-icon-closed\"><i class=\"fas fa-chevron-down\"><\/i><\/span>\n\t\t\t\t\t\t\t\t<span class=\"elementor-accordion-icon-opened\"><i class=\"fas fa-minus\"><\/i><\/span>\n\t\t\t\t\t\t\t\t\t\t\t\t\t\t<\/span>\n\t\t\t\t\t\t\t\t\t\t\t\t<a class=\"elementor-accordion-title\" href=\"\">\u00bfC\u00f3mo el Colegio Franciscano Palermo de San Jos\u00e9 hace  posible la propuesta?<\/a>\n\t\t\t\t\t<\/div>\n\t\t\t\t\t<div id=\"elementor-tab-content-3372\" class=\"elementor-tab-content elementor-clearfix\" data-tab=\"2\" role=\"tabpanel\" aria-labelledby=\"elementor-tab-title-3372\"><p data-path-to-node=\"4\"><b data-path-to-node=\"4\" data-index-in-node=\"0\">Nuestra Propuesta Pedag\u00f3gica: Un Compromiso con el Ser, el Saber y el Hacer<\/b><\/p><p data-path-to-node=\"5\">En el Colegio, la educaci\u00f3n trasciende las aulas a trav\u00e9s de <b data-path-to-node=\"5\" data-index-in-node=\"61\">encuentros de saberes integrales<\/b>. Nuestro enfoque se basa en proyectos de aula que fortalecen activamente las competencias emocionales (<b data-path-to-node=\"5\" data-index-in-node=\"197\">ser<\/b>), conceptuales (<b data-path-to-node=\"5\" data-index-in-node=\"217\">saber<\/b>) y pr\u00e1cticas (<b data-path-to-node=\"5\" data-index-in-node=\"237\">hacer<\/b>).<\/p><p data-path-to-node=\"6\">Hacemos vida el <b data-path-to-node=\"6\" data-index-in-node=\"16\">Modelo Pedag\u00f3gico Socio-Cr\u00edtico<\/b>, un marco inspirado en las pedagog\u00edas contempor\u00e1neas que invita a los estudiantes a ser protagonistas de su aprendizaje, permiti\u00e9ndoles participar, proponer, crear e imaginar en todo momento. Esta visi\u00f3n se potencia con la propuesta de <b data-path-to-node=\"6\" data-index-in-node=\"284\">Educaci\u00f3n Tricerebral<\/b> de Waldemar de Gregory, la cual nos brinda el arte de direccionar el conocimiento aprovechando el funcionamiento integral del cerebro.<\/p><blockquote data-path-to-node=\"7\"><p data-path-to-node=\"7,0\">&#8220;Buscamos que el estudiante no solo aprenda, sino que transforme su realidad a trav\u00e9s de la creatividad y la cr\u00edtica constructiva.&#8221; \u2014 <i data-path-to-node=\"7,0\" data-index-in-node=\"134\">Hna. Adela Mar\u00eda Duque Pineda, Rectora.<\/i><\/p><\/blockquote><p class=\"_04xlpA direction-ltr align-start para-style-body\"><span class=\"JsGRdQ\">La Hna. Adela Mar\u00eda Duque Pineda, Rectora, nos cuenta y nos da m\u00e1s informaci\u00f3n para ampliar y profundizar sobre la propuesta pedag\u00f3gica.<\/span><\/p><p class=\"_04xlpA direction-ltr align-start para-style-body\"><span class=\"JsGRdQ\">Les invitamos a ingresar al siguiente link: <\/span><a class=\"JsGRdQ\" draggable=\"false\" href=\"https:\/\/youtu.be\/ZOj1jefZ0gk\" target=\"_blank\" rel=\"noopener\">https:\/\/youtu.be\/ZOj1jefZ0gk<\/a><\/p><p class=\"_04xlpA direction-ltr align-start para-style-body\"><span class=\"JsGRdQ\">Tambi\u00e9n la maestra Luisa Fernanda Castellanos, nos cuenta de manera pr\u00e1ctica como se aplica esta propuesta en la experiencia con los ni\u00f1os.<\/span><\/p><p class=\"_04xlpA direction-ltr align-start para-style-body\"><span class=\"JsGRdQ\">Ingresa al siguiente link:<\/span><\/p><p class=\"_04xlpA direction-ltr align-start para-style-body\"><a class=\"JsGRdQ\" draggable=\"false\" href=\"https:\/\/youtu.be\/ZW1VysEfZRQ\" target=\"_blank\" rel=\"noopener\">https:\/\/youtu.be\/ZW1VysEfZRQ<\/a><\/p><p class=\"_04xlpA direction-ltr align-start para-style-body\">\u00a0<\/p><\/div>\n\t\t\t\t<\/div>\n\t\t\t\t\t\t\t<div class=\"elementor-accordion-item\">\n\t\t\t\t\t<div id=\"elementor-tab-title-3373\" class=\"elementor-tab-title\" data-tab=\"3\" role=\"tab\" aria-controls=\"elementor-tab-content-3373\" aria-expanded=\"false\">\n\t\t\t\t\t\t\t\t\t\t\t\t\t<span class=\"elementor-accordion-icon elementor-accordion-icon-left\" aria-hidden=\"true\">\n\t\t\t\t\t\t\t\t\t\t\t\t\t\t\t<span class=\"elementor-accordion-icon-closed\"><i class=\"fas fa-chevron-down\"><\/i><\/span>\n\t\t\t\t\t\t\t\t<span class=\"elementor-accordion-icon-opened\"><i class=\"fas fa-minus\"><\/i><\/span>\n\t\t\t\t\t\t\t\t\t\t\t\t\t\t<\/span>\n\t\t\t\t\t\t\t\t\t\t\t\t<a class=\"elementor-accordion-title\" href=\"\">\u00bfQu\u00e9 son los encuentros  Especializados?<\/a>\n\t\t\t\t\t<\/div>\n\t\t\t\t\t<div id=\"elementor-tab-content-3373\" class=\"elementor-tab-content elementor-clearfix\" data-tab=\"3\" role=\"tabpanel\" aria-labelledby=\"elementor-tab-title-3373\"><p class=\"_04xlpA direction-ltr align-start para-style-body\"><span class=\"JsGRdQ\">Algunos son los encuentros que antes llam\u00e1bamos \u201cextracurriculares\u201d y otros son encuentros incluidos dentro del curr\u00edculo acad\u00e9mico, donde vimos la necesidad de aumentar su intensidad.<\/span><\/p><p class=\"_04xlpA direction-ltr align-start para-style-body\"><span class=\"JsGRdQ\">Su objetivo es el formar de manera espec\u00edfica, en actividades deportivas, culturales, musicales y acad\u00e9micas.<\/span><\/p><p class=\"_04xlpA direction-ltr align-start para-style-body\"><span class=\"JsGRdQ\">Son cuatro horas adicionales en la semana y est\u00e1n distribuidas de la siguiente manera:<\/span><\/p><ul><li><span class=\"JsGRdQ\">Una hora adicional de ingl\u00e9s para todos los grados.<\/span><\/li><li><span class=\"JsGRdQ\">Una hora adicional de rob\u00f3tica para todos los grados.<\/span><\/li><li><span class=\"JsGRdQ\">Dos horas de encuentros especializados para todos los grados.<\/span><\/li><\/ul><p class=\"_04xlpA direction-ltr align-start para-style-body\"><span class=\"JsGRdQ\">Los estudiantes pueden escoger una de las siguientes opciones:<\/span><\/p><p class=\"_04xlpA direction-ltr align-start para-style-body\"><span class=\"JsGRdQ\">1. Karate Do<\/span><\/p><p class=\"_04xlpA direction-ltr align-start para-style-body\"><span class=\"JsGRdQ\">2. Teclado<\/span><\/p><p class=\"_04xlpA direction-ltr align-start para-style-body\"><span class=\"JsGRdQ\">3. Porrismo Hip Hop<\/span><\/p><p class=\"_04xlpA direction-ltr align-start para-style-body\"><span class=\"JsGRdQ\">4. Porrismo Pom Pon<\/span><\/p><p class=\"_04xlpA direction-ltr align-start para-style-body\"><span class=\"JsGRdQ\">5. Pintura \/ caricatura<\/span><\/p><p class=\"_04xlpA direction-ltr align-start para-style-body\"><span class=\"JsGRdQ\">6. Softball<\/span><\/p><p class=\"_04xlpA direction-ltr align-start para-style-body\"><span class=\"JsGRdQ\">7. Voleibol<\/span><\/p><p>8. Ministerio musical<\/p><p>9. Rob\u00f3tica<\/p><p class=\"_04xlpA direction-ltr align-start para-style-body\">\u00a0<\/p><\/div>\n\t\t\t\t<\/div>\n\t\t\t\t\t\t\t<div class=\"elementor-accordion-item\">\n\t\t\t\t\t<div id=\"elementor-tab-title-3374\" class=\"elementor-tab-title\" data-tab=\"4\" role=\"tab\" aria-controls=\"elementor-tab-content-3374\" aria-expanded=\"false\">\n\t\t\t\t\t\t\t\t\t\t\t\t\t<span class=\"elementor-accordion-icon elementor-accordion-icon-left\" aria-hidden=\"true\">\n\t\t\t\t\t\t\t\t\t\t\t\t\t\t\t<span class=\"elementor-accordion-icon-closed\"><i class=\"fas fa-chevron-down\"><\/i><\/span>\n\t\t\t\t\t\t\t\t<span class=\"elementor-accordion-icon-opened\"><i class=\"fas fa-minus\"><\/i><\/span>\n\t\t\t\t\t\t\t\t\t\t\t\t\t\t<\/span>\n\t\t\t\t\t\t\t\t\t\t\t\t<a class=\"elementor-accordion-title\" href=\"\">\u00bfEl Colegio es biling\u00fce?<\/a>\n\t\t\t\t\t<\/div>\n\t\t\t\t\t<div id=\"elementor-tab-content-3374\" class=\"elementor-tab-content elementor-clearfix\" data-tab=\"4\" role=\"tabpanel\" aria-labelledby=\"elementor-tab-title-3374\"><p class=\"cvGsUA direction-ltr align-end para-style-body\"><span class=\"OYPEnA text-decoration-none text-strikethrough-none\">En el 2024 iniciamos el Aula Biling\u00fce, de preescolar hasta tercero, bajo los lineamientos del biling\u00fcismo nacional. Cada a\u00f1o se va sumando un grado m\u00e1s.<\/span><\/p><p class=\"cvGsUA direction-ltr align-end para-style-body\"><span class=\"OYPEnA text-decoration-none text-strikethrough-none\">El Colegio cuenta con la pr\u00e1ctica de<\/span><span class=\"OYPEnA text-decoration-none text-strikethrough-none\"> tres idiomas, <\/span><span class=\"OYPEnA text-strikethrough-none text-decoration-underline\">franc\u00e9s<\/span><span class=\"OYPEnA text-strikethrough-none text-decoration-none\"> que est\u00e1 incluido en el curr\u00edculo de los grados que van de 5\u00ba a 9\u00ba, <\/span><span class=\"OYPEnA text-strikethrough-none text-decoration-underline\">portugu\u00e9s<\/span><span class=\"OYPEnA text-strikethrough-none text-decoration-none\">, incluida en el curr\u00edculo de los grados 10\u00ba y 11\u00ba, e <\/span><span class=\"OYPEnA text-strikethrough-none text-decoration-underline\">ingl\u00e9s<\/span><span class=\"OYPEnA text-strikethrough-none text-decoration-none\">, que se realiza a trav\u00e9s del outsourcing con la Universidad EAFIT, en su programa Sislenguas, en el curr\u00edculo de todos los grados.<\/span><\/p><p class=\"cvGsUA direction-ltr align-end para-style-body\"><span class=\"OYPEnA text-decoration-none text-strikethrough-none\">El Colegio est\u00e1 en un proceso, paso a paso, para lograr ser una instituci\u00f3n educativa biling\u00fce certificada.<\/span><\/p><\/div>\n\t\t\t\t<\/div>\n\t\t\t\t\t\t\t<div class=\"elementor-accordion-item\">\n\t\t\t\t\t<div id=\"elementor-tab-title-3375\" class=\"elementor-tab-title\" data-tab=\"5\" role=\"tab\" aria-controls=\"elementor-tab-content-3375\" aria-expanded=\"false\">\n\t\t\t\t\t\t\t\t\t\t\t\t\t<span class=\"elementor-accordion-icon elementor-accordion-icon-left\" aria-hidden=\"true\">\n\t\t\t\t\t\t\t\t\t\t\t\t\t\t\t<span class=\"elementor-accordion-icon-closed\"><i class=\"fas fa-chevron-down\"><\/i><\/span>\n\t\t\t\t\t\t\t\t<span class=\"elementor-accordion-icon-opened\"><i class=\"fas fa-minus\"><\/i><\/span>\n\t\t\t\t\t\t\t\t\t\t\t\t\t\t<\/span>\n\t\t\t\t\t\t\t\t\t\t\t\t<a class=\"elementor-accordion-title\" href=\"\">\u00bfEl colegio es mixto?<\/a>\n\t\t\t\t\t<\/div>\n\t\t\t\t\t<div id=\"elementor-tab-content-3375\" class=\"elementor-tab-content elementor-clearfix\" data-tab=\"5\" role=\"tabpanel\" aria-labelledby=\"elementor-tab-title-3375\"><p class=\"_04xlpA direction-ltr align-start para-style-body\"><span class=\"JsGRdQ\">Si, el Colegio es mixto de preescolar hasta el grado und\u00e9cimo.<\/span><\/p><\/div>\n\t\t\t\t<\/div>\n\t\t\t\t\t\t\t<div class=\"elementor-accordion-item\">\n\t\t\t\t\t<div id=\"elementor-tab-title-3376\" class=\"elementor-tab-title\" data-tab=\"6\" role=\"tab\" aria-controls=\"elementor-tab-content-3376\" aria-expanded=\"false\">\n\t\t\t\t\t\t\t\t\t\t\t\t\t<span class=\"elementor-accordion-icon elementor-accordion-icon-left\" aria-hidden=\"true\">\n\t\t\t\t\t\t\t\t\t\t\t\t\t\t\t<span class=\"elementor-accordion-icon-closed\"><i class=\"fas fa-chevron-down\"><\/i><\/span>\n\t\t\t\t\t\t\t\t<span class=\"elementor-accordion-icon-opened\"><i class=\"fas fa-minus\"><\/i><\/span>\n\t\t\t\t\t\t\t\t\t\t\t\t\t\t<\/span>\n\t\t\t\t\t\t\t\t\t\t\t\t<a class=\"elementor-accordion-title\" href=\"\">\u00bfQu\u00e9 horario tendr\u00e1n los  estudiantes Palermo?<\/a>\n\t\t\t\t\t<\/div>\n\t\t\t\t\t<div id=\"elementor-tab-content-3376\" class=\"elementor-tab-content elementor-clearfix\" data-tab=\"6\" role=\"tabpanel\" aria-labelledby=\"elementor-tab-title-3376\"><p class=\"_04xlpA direction-ltr align-start para-style-body\"><span class=\"JsGRdQ\">El horario de la primera semana escolar ser\u00e1 desde<\/span><\/p>\n<p class=\"_04xlpA direction-ltr align-start para-style-body\"><span class=\"JsGRdQ\">las 7:00 am hasta la 1:00 p.m<\/span><\/p>\n<p class=\"_04xlpA direction-ltr align-start para-style-body\"><span class=\"JsGRdQ\">Despu\u00e9s el horario habitual ser\u00e1:<\/span><\/p>\n<p class=\"_04xlpA direction-ltr align-start para-style-body\"><span class=\"JsGRdQ\">Lunes, martes, jueves y viernes de 7:00 am a 3:00 pm.<\/span><\/p>\n<p class=\"_04xlpA direction-ltr align-start para-style-body\"><span class=\"JsGRdQ\">El mi\u00e9rcoles ser\u00e1 de 7:00 am a 2:30 pm.<\/span><\/p><\/div>\n\t\t\t\t<\/div>\n\t\t\t\t\t\t\t<div class=\"elementor-accordion-item\">\n\t\t\t\t\t<div id=\"elementor-tab-title-3377\" class=\"elementor-tab-title\" data-tab=\"7\" role=\"tab\" aria-controls=\"elementor-tab-content-3377\" aria-expanded=\"false\">\n\t\t\t\t\t\t\t\t\t\t\t\t\t<span class=\"elementor-accordion-icon elementor-accordion-icon-left\" aria-hidden=\"true\">\n\t\t\t\t\t\t\t\t\t\t\t\t\t\t\t<span class=\"elementor-accordion-icon-closed\"><i class=\"fas fa-chevron-down\"><\/i><\/span>\n\t\t\t\t\t\t\t\t<span class=\"elementor-accordion-icon-opened\"><i class=\"fas fa-minus\"><\/i><\/span>\n\t\t\t\t\t\t\t\t\t\t\t\t\t\t<\/span>\n\t\t\t\t\t\t\t\t\t\t\t\t<a class=\"elementor-accordion-title\" href=\"\">\u00bfQu\u00e9 calendario maneja el Colegio?<\/a>\n\t\t\t\t\t<\/div>\n\t\t\t\t\t<div id=\"elementor-tab-content-3377\" class=\"elementor-tab-content elementor-clearfix\" data-tab=\"7\" role=\"tabpanel\" aria-labelledby=\"elementor-tab-title-3377\"><p class=\"_04xlpA direction-ltr align-start para-style-body\"><span class=\"JsGRdQ\">El Colegio se rige por el calendario A, es decir, tiene tres semanas de vacaciones en la mitad del semestre entre junio y julio, y una semana en octubre, de acuerdo a las disposiciones del Ministerio de Educaci\u00f3n Nacional.<\/span><\/p><\/div>\n\t\t\t\t<\/div>\n\t\t\t\t\t\t\t<div class=\"elementor-accordion-item\">\n\t\t\t\t\t<div id=\"elementor-tab-title-3378\" class=\"elementor-tab-title\" data-tab=\"8\" role=\"tab\" aria-controls=\"elementor-tab-content-3378\" aria-expanded=\"false\">\n\t\t\t\t\t\t\t\t\t\t\t\t\t<span class=\"elementor-accordion-icon elementor-accordion-icon-left\" aria-hidden=\"true\">\n\t\t\t\t\t\t\t\t\t\t\t\t\t\t\t<span class=\"elementor-accordion-icon-closed\"><i class=\"fas fa-chevron-down\"><\/i><\/span>\n\t\t\t\t\t\t\t\t<span class=\"elementor-accordion-icon-opened\"><i class=\"fas fa-minus\"><\/i><\/span>\n\t\t\t\t\t\t\t\t\t\t\t\t\t\t<\/span>\n\t\t\t\t\t\t\t\t\t\t\t\t<a class=\"elementor-accordion-title\" href=\"\">\u00bfCu\u00e1ndo abren las inscripciones para estudiantes nuevos y cu\u00e1nto cuesta el formulario?<\/a>\n\t\t\t\t\t<\/div>\n\t\t\t\t\t<div id=\"elementor-tab-content-3378\" class=\"elementor-tab-content elementor-clearfix\" data-tab=\"8\" role=\"tabpanel\" aria-labelledby=\"elementor-tab-title-3378\"><p class=\"_04xlpA direction-ltr align-start para-style-body\"><span class=\"JsGRdQ\">Son constantes todo el a\u00f1o, depende del cupo disponible por grado. El formulario tiene un valor de $100.000 para el 2026.<\/span><\/p><p class=\"_04xlpA direction-ltr align-start para-style-body\"><span class=\"JsGRdQ\">Los hijos de egresados y jardines que se encuentran en convenio con el Colegio tienen preferencia.<\/span><\/p><\/div>\n\t\t\t\t<\/div>\n\t\t\t\t\t\t\t<div class=\"elementor-accordion-item\">\n\t\t\t\t\t<div id=\"elementor-tab-title-3379\" class=\"elementor-tab-title\" data-tab=\"9\" role=\"tab\" aria-controls=\"elementor-tab-content-3379\" aria-expanded=\"false\">\n\t\t\t\t\t\t\t\t\t\t\t\t\t<span class=\"elementor-accordion-icon elementor-accordion-icon-left\" aria-hidden=\"true\">\n\t\t\t\t\t\t\t\t\t\t\t\t\t\t\t<span class=\"elementor-accordion-icon-closed\"><i class=\"fas fa-chevron-down\"><\/i><\/span>\n\t\t\t\t\t\t\t\t<span class=\"elementor-accordion-icon-opened\"><i class=\"fas fa-minus\"><\/i><\/span>\n\t\t\t\t\t\t\t\t\t\t\t\t\t\t<\/span>\n\t\t\t\t\t\t\t\t\t\t\t\t<a class=\"elementor-accordion-title\" href=\"\">\u00bfCu\u00e1l es la fecha de ingreso de los estudiantes en el 2026?<\/a>\n\t\t\t\t\t<\/div>\n\t\t\t\t\t<div id=\"elementor-tab-content-3379\" class=\"elementor-tab-content elementor-clearfix\" data-tab=\"9\" role=\"tabpanel\" aria-labelledby=\"elementor-tab-title-3379\"><p><span class=\"JsGRdQ\">Los estudiantes Palermo ingresan al colegio el lunes 19 de enero 2026.<\/span><\/p><\/div>\n\t\t\t\t<\/div>\n\t\t\t\t\t\t\t<div class=\"elementor-accordion-item\">\n\t\t\t\t\t<div id=\"elementor-tab-title-33710\" class=\"elementor-tab-title\" data-tab=\"10\" role=\"tab\" aria-controls=\"elementor-tab-content-33710\" aria-expanded=\"false\">\n\t\t\t\t\t\t\t\t\t\t\t\t\t<span class=\"elementor-accordion-icon elementor-accordion-icon-left\" aria-hidden=\"true\">\n\t\t\t\t\t\t\t\t\t\t\t\t\t\t\t<span class=\"elementor-accordion-icon-closed\"><i class=\"fas fa-chevron-down\"><\/i><\/span>\n\t\t\t\t\t\t\t\t<span class=\"elementor-accordion-icon-opened\"><i class=\"fas fa-minus\"><\/i><\/span>\n\t\t\t\t\t\t\t\t\t\t\t\t\t\t<\/span>\n\t\t\t\t\t\t\t\t\t\t\t\t<a class=\"elementor-accordion-title\" href=\"\">\u00bfCu\u00e1les son las fechas para matricular los estudiantes?<\/a>\n\t\t\t\t\t<\/div>\n\t\t\t\t\t<div id=\"elementor-tab-content-33710\" class=\"elementor-tab-content elementor-clearfix\" data-tab=\"10\" role=\"tabpanel\" aria-labelledby=\"elementor-tab-title-33710\"><p class=\"_04xlpA direction-ltr align-start para-style-body\"><span class=\"JsGRdQ\">En el 2026:\u00a0 <\/span><span class=\"JsGRdQ\">Enero 15 y 16.\u00a0 <\/span><\/p><p class=\"_04xlpA direction-ltr align-start para-style-body\"><span class=\"JsGRdQ\">Matr\u00edculas extempor\u00e1neas en el mes de enero\u00a0 recargo del 10%\u00a0<\/span><\/p><\/div>\n\t\t\t\t<\/div>\n\t\t\t\t\t\t\t<div class=\"elementor-accordion-item\">\n\t\t\t\t\t<div id=\"elementor-tab-title-33711\" class=\"elementor-tab-title\" data-tab=\"11\" role=\"tab\" aria-controls=\"elementor-tab-content-33711\" aria-expanded=\"false\">\n\t\t\t\t\t\t\t\t\t\t\t\t\t<span class=\"elementor-accordion-icon elementor-accordion-icon-left\" aria-hidden=\"true\">\n\t\t\t\t\t\t\t\t\t\t\t\t\t\t\t<span class=\"elementor-accordion-icon-closed\"><i class=\"fas fa-chevron-down\"><\/i><\/span>\n\t\t\t\t\t\t\t\t<span class=\"elementor-accordion-icon-opened\"><i class=\"fas fa-minus\"><\/i><\/span>\n\t\t\t\t\t\t\t\t\t\t\t\t\t\t<\/span>\n\t\t\t\t\t\t\t\t\t\t\t\t<a class=\"elementor-accordion-title\" href=\"\">\u00bfC\u00f3mo ser\u00e1 el horario de atenci\u00f3n en vacaciones?<\/a>\n\t\t\t\t\t<\/div>\n\t\t\t\t\t<div id=\"elementor-tab-content-33711\" class=\"elementor-tab-content elementor-clearfix\" data-tab=\"11\" role=\"tabpanel\" aria-labelledby=\"elementor-tab-title-33711\"><p class=\"_04xlpA direction-ltr align-start para-style-body\"><span class=\"JsGRdQ\">Abrimos de Lunes a viernes.<\/span><\/p><p class=\"_04xlpA direction-ltr align-start para-style-body\"><span class=\"JsGRdQ\">La atenci\u00f3n administrativa ser\u00e1 desde las 7:00 am hasta la 1:00 pm, solo hasta el 17<\/span><span class=\"JsGRdQ\"> de diciembre de 2025.<\/span><\/p><p class=\"_04xlpA direction-ltr align-start para-style-body\"><span class=\"JsGRdQ\">Se <\/span><span class=\"JsGRdQ\">reanuda nuevamente el 13 de enero de 2026<\/span><span class=\"JsGRdQ\">\u00a0en el horario de 7:00 am a 1:00 pm.<\/span><\/p><\/div>\n\t\t\t\t<\/div>\n\t\t\t\t\t\t\t<div class=\"elementor-accordion-item\">\n\t\t\t\t\t<div id=\"elementor-tab-title-33712\" class=\"elementor-tab-title\" data-tab=\"12\" role=\"tab\" aria-controls=\"elementor-tab-content-33712\" aria-expanded=\"false\">\n\t\t\t\t\t\t\t\t\t\t\t\t\t<span class=\"elementor-accordion-icon elementor-accordion-icon-left\" aria-hidden=\"true\">\n\t\t\t\t\t\t\t\t\t\t\t\t\t\t\t<span class=\"elementor-accordion-icon-closed\"><i class=\"fas fa-chevron-down\"><\/i><\/span>\n\t\t\t\t\t\t\t\t<span class=\"elementor-accordion-icon-opened\"><i class=\"fas fa-minus\"><\/i><\/span>\n\t\t\t\t\t\t\t\t\t\t\t\t\t\t<\/span>\n\t\t\t\t\t\t\t\t\t\t\t\t<a class=\"elementor-accordion-title\" href=\"\">\u00bfCuenta el Colegio con servicio de Primeros Auxilios?<\/a>\n\t\t\t\t\t<\/div>\n\t\t\t\t\t<div id=\"elementor-tab-content-33712\" class=\"elementor-tab-content elementor-clearfix\" data-tab=\"12\" role=\"tabpanel\" aria-labelledby=\"elementor-tab-title-33712\"><p class=\"_04xlpA direction-ltr align-start para-style-body\"><span class=\"JsGRdQ\">Si, el colegio cuenta con una enfermera durante la jornada escolar de 7:30 am a 3:00 pm, que presta los primeros auxilios. El colegio no est\u00e1 autorizado a administrarle medicamentos a los estudiantes.<\/span><\/p><\/div>\n\t\t\t\t<\/div>\n\t\t\t\t\t\t\t<div class=\"elementor-accordion-item\">\n\t\t\t\t\t<div id=\"elementor-tab-title-33713\" class=\"elementor-tab-title\" data-tab=\"13\" role=\"tab\" aria-controls=\"elementor-tab-content-33713\" aria-expanded=\"false\">\n\t\t\t\t\t\t\t\t\t\t\t\t\t<span class=\"elementor-accordion-icon elementor-accordion-icon-left\" aria-hidden=\"true\">\n\t\t\t\t\t\t\t\t\t\t\t\t\t\t\t<span class=\"elementor-accordion-icon-closed\"><i class=\"fas fa-chevron-down\"><\/i><\/span>\n\t\t\t\t\t\t\t\t<span class=\"elementor-accordion-icon-opened\"><i class=\"fas fa-minus\"><\/i><\/span>\n\t\t\t\t\t\t\t\t\t\t\t\t\t\t<\/span>\n\t\t\t\t\t\t\t\t\t\t\t\t<a class=\"elementor-accordion-title\" href=\"\">\u00bfSe puede conocer el Colegio antes de comprar el formulario?<\/a>\n\t\t\t\t\t<\/div>\n\t\t\t\t\t<div id=\"elementor-tab-content-33713\" class=\"elementor-tab-content elementor-clearfix\" data-tab=\"13\" role=\"tabpanel\" aria-labelledby=\"elementor-tab-title-33713\"><p class=\"_04xlpA direction-ltr align-start para-style-body\"><span class=\"JsGRdQ\">Claro, se puede visitar el Colegio antes.<\/span><\/p><p class=\"_04xlpA direction-ltr align-start para-style-body\"><span class=\"JsGRdQ\">Agenda la visita a trav\u00e9s del WhatsApp 320 525 40 34<\/span><\/p><\/div>\n\t\t\t\t<\/div>\n\t\t\t\t\t\t\t<div class=\"elementor-accordion-item\">\n\t\t\t\t\t<div id=\"elementor-tab-title-33714\" class=\"elementor-tab-title\" data-tab=\"14\" role=\"tab\" aria-controls=\"elementor-tab-content-33714\" aria-expanded=\"false\">\n\t\t\t\t\t\t\t\t\t\t\t\t\t<span class=\"elementor-accordion-icon elementor-accordion-icon-left\" aria-hidden=\"true\">\n\t\t\t\t\t\t\t\t\t\t\t\t\t\t\t<span class=\"elementor-accordion-icon-closed\"><i class=\"fas fa-chevron-down\"><\/i><\/span>\n\t\t\t\t\t\t\t\t<span class=\"elementor-accordion-icon-opened\"><i class=\"fas fa-minus\"><\/i><\/span>\n\t\t\t\t\t\t\t\t\t\t\t\t\t\t<\/span>\n\t\t\t\t\t\t\t\t\t\t\t\t<a class=\"elementor-accordion-title\" href=\"\">\u00bfQu\u00e9 proceso se sigue para la solicitud de certificados?<\/a>\n\t\t\t\t\t<\/div>\n\t\t\t\t\t<div id=\"elementor-tab-content-33714\" class=\"elementor-tab-content elementor-clearfix\" data-tab=\"14\" role=\"tabpanel\" aria-labelledby=\"elementor-tab-title-33714\"><p class=\"_04xlpA direction-ltr align-start para-style-body\"><span class=\"JsGRdQ\">Se debe solicitar al correo <\/span><a class=\"JsGRdQ\" draggable=\"false\" href=\"mailto:secretarian@palermosj.edu.co\" target=\"_blank\" rel=\"noopener\">secretarian@palermosj.edu.co<\/a><\/p><p class=\"_04xlpA direction-ltr align-start para-style-body\"><span class=\"JsGRdQ\">De acuerdo al documento solicitado, se pedir\u00e1 cierta informaci\u00f3n y el valor del mismo.<\/span><\/p><\/div>\n\t\t\t\t<\/div>\n\t\t\t\t\t\t\t<div class=\"elementor-accordion-item\">\n\t\t\t\t\t<div id=\"elementor-tab-title-33715\" class=\"elementor-tab-title\" data-tab=\"15\" role=\"tab\" aria-controls=\"elementor-tab-content-33715\" aria-expanded=\"false\">\n\t\t\t\t\t\t\t\t\t\t\t\t\t<span class=\"elementor-accordion-icon elementor-accordion-icon-left\" aria-hidden=\"true\">\n\t\t\t\t\t\t\t\t\t\t\t\t\t\t\t<span class=\"elementor-accordion-icon-closed\"><i class=\"fas fa-chevron-down\"><\/i><\/span>\n\t\t\t\t\t\t\t\t<span class=\"elementor-accordion-icon-opened\"><i class=\"fas fa-minus\"><\/i><\/span>\n\t\t\t\t\t\t\t\t\t\t\t\t\t\t<\/span>\n\t\t\t\t\t\t\t\t\t\t\t\t<a class=\"elementor-accordion-title\" href=\"\">\u00bfCon qu\u00e9 empresa se maneja el restaurante escolar?<\/a>\n\t\t\t\t\t<\/div>\n\t\t\t\t\t<div id=\"elementor-tab-content-33715\" class=\"elementor-tab-content elementor-clearfix\" data-tab=\"15\" role=\"tabpanel\" aria-labelledby=\"elementor-tab-title-33715\"><p class=\"_04xlpA direction-ltr align-start para-style-body\"><span class=\"JsGRdQ\">A &amp; G Alimentos:<\/span><\/p><p class=\"_04xlpA direction-ltr align-start para-style-body\"><span class=\"JsGRdQ\">Est\u00e1 la opci\u00f3n de adquirir diferentes planes de alimentaci\u00f3n y se paga seg\u00fan los d\u00edas que el estudiante asista a clases en el a\u00f1o.<\/span><\/p><p class=\"_04xlpA direction-ltr align-start para-style-body\"><span class=\"JsGRdQ\">El contrato se hace directamente con ellos y es un servicio opcional.<\/span><\/p><p class=\"_04xlpA direction-ltr align-start para-style-body\"><span class=\"JsGRdQ\">Cuenta con diferentes formas de pago, como efectivo, dat\u00e1fono y transferencia electr\u00f3nica a cuentas de Bancolombia y Davivienda.<\/span><\/p><p class=\"_04xlpA direction-ltr align-start para-style-body\"><span class=\"JsGRdQ\">Para ampliar la informaci\u00f3n relacionada con los planes de alimentaci\u00f3n y detalles de la minuta con gusto ser\u00e1 atendida por Juan Camilo Aristizabal, Administrador \u2013 cel: 3188554206 &#8211; Alimentos A &amp; G<\/span><\/p><\/div>\n\t\t\t\t<\/div>\n\t\t\t\t\t\t\t<div class=\"elementor-accordion-item\">\n\t\t\t\t\t<div id=\"elementor-tab-title-33716\" class=\"elementor-tab-title\" data-tab=\"16\" role=\"tab\" aria-controls=\"elementor-tab-content-33716\" aria-expanded=\"false\">\n\t\t\t\t\t\t\t\t\t\t\t\t\t<span class=\"elementor-accordion-icon elementor-accordion-icon-left\" aria-hidden=\"true\">\n\t\t\t\t\t\t\t\t\t\t\t\t\t\t\t<span class=\"elementor-accordion-icon-closed\"><i class=\"fas fa-chevron-down\"><\/i><\/span>\n\t\t\t\t\t\t\t\t<span class=\"elementor-accordion-icon-opened\"><i class=\"fas fa-minus\"><\/i><\/span>\n\t\t\t\t\t\t\t\t\t\t\t\t\t\t<\/span>\n\t\t\t\t\t\t\t\t\t\t\t\t<a class=\"elementor-accordion-title\" href=\"\">\u00bfCon qu\u00e9 empresa se maneja el transporte escolar?<\/a>\n\t\t\t\t\t<\/div>\n\t\t\t\t\t<div id=\"elementor-tab-content-33716\" class=\"elementor-tab-content elementor-clearfix\" data-tab=\"16\" role=\"tabpanel\" aria-labelledby=\"elementor-tab-title-33716\"><p class=\"_04xlpA direction-ltr align-start para-style-body\">La empresa de llama Terrbus SAS.<\/p><p>L\u00ednea de contacto 300 6635845<\/p><\/div>\n\t\t\t\t<\/div>\n\t\t\t\t\t\t\t<div class=\"elementor-accordion-item\">\n\t\t\t\t\t<div id=\"elementor-tab-title-33717\" class=\"elementor-tab-title\" data-tab=\"17\" role=\"tab\" aria-controls=\"elementor-tab-content-33717\" aria-expanded=\"false\">\n\t\t\t\t\t\t\t\t\t\t\t\t\t<span class=\"elementor-accordion-icon elementor-accordion-icon-left\" aria-hidden=\"true\">\n\t\t\t\t\t\t\t\t\t\t\t\t\t\t\t<span class=\"elementor-accordion-icon-closed\"><i class=\"fas fa-chevron-down\"><\/i><\/span>\n\t\t\t\t\t\t\t\t<span class=\"elementor-accordion-icon-opened\"><i class=\"fas fa-minus\"><\/i><\/span>\n\t\t\t\t\t\t\t\t\t\t\t\t\t\t<\/span>\n\t\t\t\t\t\t\t\t\t\t\t\t<a class=\"elementor-accordion-title\" href=\"\">\u00bfD\u00f3nde se consiguen los  uniformes escolares?<\/a>\n\t\t\t\t\t<\/div>\n\t\t\t\t\t<div id=\"elementor-tab-content-33717\" class=\"elementor-tab-content elementor-clearfix\" data-tab=\"17\" role=\"tabpanel\" aria-labelledby=\"elementor-tab-title-33717\"><p class=\"_04xlpA direction-ltr align-start para-style-body\"><span class=\"JsGRdQ\">Margarita V\u00e9lez:<\/span><\/p><p class=\"_04xlpA direction-ltr align-start para-style-body\"><span class=\"JsGRdQ\">Ellos confeccionan y venden los uniformes escolares del Colegio.<\/span><\/p><p class=\"_04xlpA direction-ltr align-start para-style-body\"><span class=\"JsGRdQ\">Para todos los estudiantes uniformes de educaci\u00f3n f\u00edsica:<\/span><\/p><ul><li><span class=\"JsGRdQ\">Sudadera azul enresortada en la cintura con el monograma de la Instituci\u00f3n en la pierna derecha, (el largo de la sudadera no debe rozar el piso y debe tener el respectivo ribete).<\/span><\/li><li><span class=\"JsGRdQ\">Camiseta blanca con ribete azul y rojo en el cuello, de manga corta, tambi\u00e9n con ribete azul y rojo, el monograma al lado izquierdo.<\/span><\/li><li><span class=\"JsGRdQ\">Tenis completamente blancos o negros, sin ninguna clase de combinaci\u00f3n, adornos o rayas, no se permiten tenis de bota.<\/span><\/li><li><span class=\"JsGRdQ\">Media blanca tobillera.<\/span><\/li><li><span class=\"JsGRdQ\">Chaqueta.<\/span><\/li><\/ul><p>Se pueden pedir a los siguientes n\u00fameros: WhatsApp 301 389 79 46 y 604 276 78 13<\/p><p class=\"_04xlpA direction-ltr align-start para-style-body\"><span class=\"JsGRdQ\">F\u00e1brica y Tienda en Envigado (Ant)<\/span><\/p><\/div>\n\t\t\t\t<\/div>\n\t\t\t\t\t\t\t\t<\/div>\n\t\t\t\t<\/div>\n\t\t\t\t<\/div>\n\t\t\t\t\t\t<\/div>\n\t\t\t\t\t<\/div>\n\t\t<\/div>\n\t\t\t\t\t\t\t\t<\/div>\n\t\t\t\t\t<\/div>\n\t\t<\/section>\n\t\t\t\t\t\t<\/div>\n\t\t\t\t\t\t<\/div>\n\t\t\t\t\t<\/div>\n\t\t","protected":false},"excerpt":{"rendered":"<p>Preguntas Frecuentes CFPSJ \u00bfCu\u00e1l es la propuesta pedag\u00f3gica? Propuesta Pedag\u00f3gica Innovadora: Neuroeducaci\u00f3n y Pensamiento Cr\u00edtico en Envigado En nuestro colegio en Envigado, lideramos una formaci\u00f3n de vanguardia centrada en el ser humano. Nuestra propuesta pedag\u00f3gica Socio-Cr\u00edtica trasciende el aula tradicional a trav\u00e9s de la educaci\u00f3n tr\u00edadica, un enfoque que articula de manera org\u00e1nica los tres &hellip;<\/p>\n<p class=\"read-more\"> <a class=\"\" href=\"https:\/\/palermosj.edu.co\/Portalweb\/preguntas-frecuentes-cfpsj\/\"> <span class=\"screen-reader-text\">Preguntas Frecuentes CFPSJ<\/span> Leer m\u00e1s &raquo;<\/a><\/p>\n","protected":false},"author":3,"featured_media":0,"parent":0,"menu_order":0,"comment_status":"closed","ping_status":"closed","template":"","meta":{"ngg_post_thumbnail":0},"_links":{"self":[{"href":"https:\/\/palermosj.edu.co\/Portalweb\/wp-json\/wp\/v2\/pages\/2977"}],"collection":[{"href":"https:\/\/palermosj.edu.co\/Portalweb\/wp-json\/wp\/v2\/pages"}],"about":[{"href":"https:\/\/palermosj.edu.co\/Portalweb\/wp-json\/wp\/v2\/types\/page"}],"author":[{"embeddable":true,"href":"https:\/\/palermosj.edu.co\/Portalweb\/wp-json\/wp\/v2\/users\/3"}],"replies":[{"embeddable":true,"href":"https:\/\/palermosj.edu.co\/Portalweb\/wp-json\/wp\/v2\/comments?post=2977"}],"version-history":[{"count":139,"href":"https:\/\/palermosj.edu.co\/Portalweb\/wp-json\/wp\/v2\/pages\/2977\/revisions"}],"predecessor-version":[{"id":4693,"href":"https:\/\/palermosj.edu.co\/Portalweb\/wp-json\/wp\/v2\/pages\/2977\/revisions\/4693"}],"wp:attachment":[{"href":"https:\/\/palermosj.edu.co\/Portalweb\/wp-json\/wp\/v2\/media?parent=2977"}],"curies":[{"name":"wp","href":"https:\/\/api.w.org\/{rel}","templated":true}]}}