{"id":2077,"date":"2021-07-23T12:27:29","date_gmt":"2021-07-23T17:27:29","guid":{"rendered":"https:\/\/palermosj.edu.co\/Portalweb\/?page_id=2077"},"modified":"2026-04-27T14:39:19","modified_gmt":"2026-04-27T19:39:19","slug":"orientacion-vocacional","status":"publish","type":"page","link":"https:\/\/palermosj.edu.co\/Portalweb\/orientacion-vocacional\/","title":{"rendered":"Orientacion vocacional"},"content":{"rendered":"\t\t<div data-elementor-type=\"wp-page\" data-elementor-id=\"2077\" class=\"elementor elementor-2077\" data-elementor-settings=\"[]\">\n\t\t\t\t\t\t<div class=\"elementor-inner\">\n\t\t\t\t\t\t\t<div class=\"elementor-section-wrap\">\n\t\t\t\t\t\t\t<section class=\"elementor-section elementor-top-section elementor-element elementor-element-7a8183d elementor-section-boxed elementor-section-height-default elementor-section-height-default\" data-id=\"7a8183d\" data-element_type=\"section\">\n\t\t\t\t\t\t<div class=\"elementor-container elementor-column-gap-default\">\n\t\t\t\t\t\t\t<div class=\"elementor-row\">\n\t\t\t\t\t<div class=\"elementor-column elementor-col-50 elementor-top-column elementor-element elementor-element-7bed5f6\" data-id=\"7bed5f6\" data-element_type=\"column\">\n\t\t\t<div class=\"elementor-column-wrap elementor-element-populated\">\n\t\t\t\t\t\t\t<div class=\"elementor-widget-wrap\">\n\t\t\t\t\t\t<div class=\"elementor-element elementor-element-7c66c7b elementor-widget elementor-widget-heading\" data-id=\"7c66c7b\" data-element_type=\"widget\" data-widget_type=\"heading.default\">\n\t\t\t\t<div class=\"elementor-widget-container\">\n\t\t\t<h2 class=\"elementor-heading-title elementor-size-default\">Orientaci\u00f3n vocacional<\/h2>\t\t<\/div>\n\t\t\t\t<\/div>\n\t\t\t\t<div class=\"elementor-element elementor-element-e1ea051 elementor-widget elementor-widget-text-editor\" data-id=\"e1ea051\" data-element_type=\"widget\" data-widget_type=\"text-editor.default\">\n\t\t\t\t<div class=\"elementor-widget-container\">\n\t\t\t\t\t\t\t\t<div class=\"elementor-text-editor elementor-clearfix\">\n\t\t\t\t<p>Nos mueve y es nuestra misi\u00f3n, acompa\u00f1ar a los j\u00f3venes a encontrar sus caminos para crecer de manera personal y profesional.<\/p><p>Desde la Orientaci\u00f3n Vocacional se organiza y se gestionan los procesos de orientaci\u00f3n, asesor\u00eda profesional y vocacional, frente a las diversas opciones.<\/p><p>Se promueve y participa en la organizaci\u00f3n, planificaci\u00f3n y desarrollo de los procesos de orientaci\u00f3n y asesoramiento profesional y vocacional, frente a los diferentes prospectos que hay en el medio.<\/p><p>El objetivo general de este acompa\u00f1amiento es aclarar y encontrar el camino para desarrollar sus proyectos personales, vocacionales y profesionales, sintiendo seguridad en las decisiones que tomen de manera personal y familiar.<\/p><p>Estaremos atentos a conversar contigo cuando lo requieras, escr\u00edbenos a:\u00a0<\/p><p><span style=\"font-size: 15px;\">\u00a0Hna. Claudia Ochoa &#8211; Coordinadora de Relacionamiento Institucional<\/span><\/p><p>relacio_inst@palermosj.edu.co<\/p><p>\u00a0<\/p><p>\u00a0<\/p>\t\t\t\t\t<\/div>\n\t\t\t\t\t\t<\/div>\n\t\t\t\t<\/div>\n\t\t\t\t\t\t<\/div>\n\t\t\t\t\t<\/div>\n\t\t<\/div>\n\t\t\t\t<div class=\"elementor-column elementor-col-50 elementor-top-column elementor-element elementor-element-22e3abb\" data-id=\"22e3abb\" data-element_type=\"column\">\n\t\t\t<div class=\"elementor-column-wrap elementor-element-populated\">\n\t\t\t\t\t\t\t<div class=\"elementor-widget-wrap\">\n\t\t\t\t\t\t<div class=\"elementor-element elementor-element-b4a2f72 elementor-widget elementor-widget-spacer\" data-id=\"b4a2f72\" data-element_type=\"widget\" data-widget_type=\"spacer.default\">\n\t\t\t\t<div class=\"elementor-widget-container\">\n\t\t\t\t\t<div class=\"elementor-spacer\">\n\t\t\t<div class=\"elementor-spacer-inner\"><\/div>\n\t\t<\/div>\n\t\t\t\t<\/div>\n\t\t\t\t<\/div>\n\t\t\t\t<div class=\"elementor-element elementor-element-4b1e644 elementor-widget elementor-widget-image\" data-id=\"4b1e644\" data-element_type=\"widget\" data-widget_type=\"image.default\">\n\t\t\t\t<div class=\"elementor-widget-container\">\n\t\t\t\t\t\t\t\t<div class=\"elementor-image\">\n\t\t\t\t\t\t\t\t\t\t\t\t<img width=\"1024\" height=\"768\" src=\"https:\/\/palermosj.edu.co\/Portalweb\/wp-content\/uploads\/2026\/04\/WhatsApp-Image-2026-03-02-at-9.37.46-AM-1-1024x768.jpeg\" class=\"attachment-large size-large\" alt=\"\" loading=\"lazy\" srcset=\"https:\/\/palermosj.edu.co\/Portalweb\/wp-content\/uploads\/2026\/04\/WhatsApp-Image-2026-03-02-at-9.37.46-AM-1-1024x768.jpeg 1024w, https:\/\/palermosj.edu.co\/Portalweb\/wp-content\/uploads\/2026\/04\/WhatsApp-Image-2026-03-02-at-9.37.46-AM-1-300x225.jpeg 300w, https:\/\/palermosj.edu.co\/Portalweb\/wp-content\/uploads\/2026\/04\/WhatsApp-Image-2026-03-02-at-9.37.46-AM-1-768x576.jpeg 768w, https:\/\/palermosj.edu.co\/Portalweb\/wp-content\/uploads\/2026\/04\/WhatsApp-Image-2026-03-02-at-9.37.46-AM-1-600x450.jpeg 600w, https:\/\/palermosj.edu.co\/Portalweb\/wp-content\/uploads\/2026\/04\/WhatsApp-Image-2026-03-02-at-9.37.46-AM-1-865x649.jpeg 865w, https:\/\/palermosj.edu.co\/Portalweb\/wp-content\/uploads\/2026\/04\/WhatsApp-Image-2026-03-02-at-9.37.46-AM-1.jpeg 1280w\" sizes=\"(max-width: 1024px) 100vw, 1024px\" \/>\t\t\t\t\t\t\t\t\t\t\t\t\t\t<\/div>\n\t\t\t\t\t\t<\/div>\n\t\t\t\t<\/div>\n\t\t\t\t\t\t<\/div>\n\t\t\t\t\t<\/div>\n\t\t<\/div>\n\t\t\t\t\t\t\t\t<\/div>\n\t\t\t\t\t<\/div>\n\t\t<\/section>\n\t\t\t\t\t\t<\/div>\n\t\t\t\t\t\t<\/div>\n\t\t\t\t\t<\/div>\n\t\t","protected":false},"excerpt":{"rendered":"<p>Orientaci\u00f3n vocacional Nos mueve y es nuestra misi\u00f3n, acompa\u00f1ar a los j\u00f3venes a encontrar sus caminos para crecer de manera personal y profesional. Desde la Orientaci\u00f3n Vocacional se organiza y se gestionan los procesos de orientaci\u00f3n, asesor\u00eda profesional y vocacional, frente a las diversas opciones. Se promueve y participa en la organizaci\u00f3n, planificaci\u00f3n y desarrollo &hellip;<\/p>\n<p class=\"read-more\"> <a class=\"\" href=\"https:\/\/palermosj.edu.co\/Portalweb\/orientacion-vocacional\/\"> <span class=\"screen-reader-text\">Orientacion vocacional<\/span> Leer m\u00e1s &raquo;<\/a><\/p>\n","protected":false},"author":1,"featured_media":0,"parent":0,"menu_order":0,"comment_status":"closed","ping_status":"closed","template":"","meta":{"ngg_post_thumbnail":0},"_links":{"self":[{"href":"https:\/\/palermosj.edu.co\/Portalweb\/wp-json\/wp\/v2\/pages\/2077"}],"collection":[{"href":"https:\/\/palermosj.edu.co\/Portalweb\/wp-json\/wp\/v2\/pages"}],"about":[{"href":"https:\/\/palermosj.edu.co\/Portalweb\/wp-json\/wp\/v2\/types\/page"}],"author":[{"embeddable":true,"href":"https:\/\/palermosj.edu.co\/Portalweb\/wp-json\/wp\/v2\/users\/1"}],"replies":[{"embeddable":true,"href":"https:\/\/palermosj.edu.co\/Portalweb\/wp-json\/wp\/v2\/comments?post=2077"}],"version-history":[{"count":28,"href":"https:\/\/palermosj.edu.co\/Portalweb\/wp-json\/wp\/v2\/pages\/2077\/revisions"}],"predecessor-version":[{"id":4780,"href":"https:\/\/palermosj.edu.co\/Portalweb\/wp-json\/wp\/v2\/pages\/2077\/revisions\/4780"}],"wp:attachment":[{"href":"https:\/\/palermosj.edu.co\/Portalweb\/wp-json\/wp\/v2\/media?parent=2077"}],"curies":[{"name":"wp","href":"https:\/\/api.w.org\/{rel}","templated":true}]}}